{"id":8505,"date":"2024-06-10T18:16:37","date_gmt":"2024-06-10T16:16:37","guid":{"rendered":"https:\/\/lemanrunning.com\/?post_type=tribe_events&#038;p=8505"},"modified":"2026-01-21T11:34:48","modified_gmt":"2026-01-21T10:34:48","slug":"patrouille-dole","status":"publish","type":"tribe_events","link":"https:\/\/lemanrunning.com\/en\/course\/patrouille-dole\/","title":{"rendered":"The D\u00f4le Patrol"},"content":{"rendered":"<p data-start=\"0\" data-end=\"80\"><strong data-start=\"0\" data-end=\"80\">La Patrouille de La D\u00f4le - A race in the heart of the Jura foothills<\/strong><\/p>\n<p data-start=\"82\" data-end=\"561\">With its forest trails, panoramic views of Lake Geneva and Mont Blanc, and sporting village atmosphere, the Patrouille de La D\u00f4le is a unique mountain race. Originally created as part of the Cantonale 2024, it returns this year with a new association, a new format, but the same spirit: to offer a sporting adventure open to all. An official partner of the Troph\u00e9e L\u00e9man Running, this race combines high standards, discovery and conviviality.<\/p>\n<h3 data-start=\"563\" data-end=\"589\">Courses (adults)<\/h3>\n<ul data-start=\"591\" data-end=\"1271\">\n<li data-start=\"591\" data-end=\"757\">\n<p data-start=\"593\" data-end=\"757\"><strong data-start=\"593\" data-end=\"612\">13K | +660 m D+ (+)<\/strong><br data-start=\"612\" data-end=\"615\" \/>The big new feature of this year's event. An accessible loop, ideal for discovering trail running in a natural setting with no major difficulties.<\/p>\n<\/li>\n<li data-start=\"759\" data-end=\"921\">\n<p data-start=\"761\" data-end=\"921\"><strong data-start=\"761\" data-end=\"781\">25K | +1068 m D+<\/strong><br data-start=\"781\" data-end=\"784\" \/>A complete route through forests and mountain pastures. Some technical sections and a beautiful immersion in the landscapes of the Jura vaudois.<\/p>\n<\/li>\n<li data-start=\"923\" data-end=\"1106\">\n<p data-start=\"925\" data-end=\"1106\"><strong data-start=\"925\" data-end=\"945\">36K | +1760 m D+<\/strong><br data-start=\"945\" data-end=\"948\" \/>The ultimate test. A demanding climb to the summit of La D\u00f4le (1672 m), followed by a long descent on wild trails. Only for the most experienced.<\/p>\n<\/li>\n<li data-start=\"1108\" data-end=\"1271\">\n<p data-start=\"1110\" data-end=\"1271\"><strong data-start=\"1110\" data-end=\"1132\">Patrol formula<\/strong><br data-start=\"1132\" data-end=\"1135\" \/>All distances can be run by 2 or 3 people. Same race number, same finish line, for a shared experience.<\/p>\n<\/li>\n<\/ul>\n<h3 data-start=\"1273\" data-end=\"1297\">Children's trails<\/h3>\n<ul data-start=\"1299\" data-end=\"1484\">\n<li data-start=\"1299\" data-end=\"1340\">\n<p data-start=\"1301\" data-end=\"1340\"><strong data-start=\"1301\" data-end=\"1330\">Whirlpools (4-6 years)<\/strong> : 400 m<\/p>\n<\/li>\n<li data-start=\"1341\" data-end=\"1390\">\n<p data-start=\"1343\" data-end=\"1390\"><strong data-start=\"1343\" data-end=\"1380\">Little explorers (7-9 years)<\/strong> : 800 m<\/p>\n<\/li>\n<li data-start=\"1391\" data-end=\"1441\">\n<p data-start=\"1393\" data-end=\"1441\"><strong data-start=\"1393\" data-end=\"1430\">Trail tornadoes (10-13 years)<\/strong> : 1500 m<\/p>\n<\/li>\n<li data-start=\"1442\" data-end=\"1484\">\n<p data-start=\"1444\" data-end=\"1484\"><strong data-start=\"1444\" data-end=\"1465\">5K (14-17 years)<\/strong> 5 km | +200 m D+ climb<\/p>\n<\/li>\n<\/ul>\n<p data-start=\"1486\" data-end=\"1625\">Short routes, designed for all ages, in a festive, supervised atmosphere. Departures and arrivals from the main hall in Ch\u00e9serex.<\/p>\n<h3 data-start=\"1627\" data-end=\"1646\">Practical info<\/h3>\n<ul data-start=\"1648\" data-end=\"2081\">\n<li data-start=\"1648\" data-end=\"1701\">\n<p data-start=\"1650\" data-end=\"1701\"><strong data-start=\"1650\" data-end=\"1672\">Departures \/ arrivals<\/strong> Grande salle de Ch\u00e9serex<\/p>\n<\/li>\n<li data-start=\"1702\" data-end=\"1928\">\n<p data-start=\"1704\" data-end=\"1720\"><strong data-start=\"1704\" data-end=\"1716\">Services<\/strong> :<\/p>\n<ul data-start=\"1723\" data-end=\"1928\">\n<li data-start=\"1723\" data-end=\"1837\">\n<p data-start=\"1725\" data-end=\"1837\">Refreshments on all routes (water, energy drinks, broth, fruit, cheese, bread, cold meats)<\/p>\n<\/li>\n<li data-start=\"1840\" data-end=\"1872\">\n<p data-start=\"1842\" data-end=\"1872\">On-site medical assistance<\/p>\n<\/li>\n<li data-start=\"1875\" data-end=\"1928\">\n<p data-start=\"1877\" data-end=\"1928\">Refreshments, showers and entertainment in the finish village<\/p>\n<\/li>\n<\/ul>\n<\/li>\n<li data-start=\"1929\" data-end=\"2081\">\n<p data-start=\"1931\" data-end=\"2081\"><strong data-start=\"1931\" data-end=\"1947\">Registrations<\/strong> online (with the option of receiving your race number by post) or on site on Saturday evening and up to 1 hour before the start (at an additional cost).<\/p>\n<\/li>\n<\/ul>\n<p data-start=\"2083\" data-end=\"2185\" data-is-last-node=\"\" data-is-only-node=\"\">Join the Patrouille de La D\u00f4le for an authentic trail experience, solo, in a team or with the whole family.<\/p>","protected":false},"excerpt":{"rendered":"<p>La Patrouille de La D\u00f4le \u2013 Une course en pleine nature, au c\u0153ur du Pied du Jura Avec ses sentiers forestiers, ses vues panoramiques sur le L\u00e9man et le Mont-Blanc, [&hellip;]<\/p>\n","protected":false},"author":2,"featured_media":8506,"comment_status":"open","ping_status":"closed","template":"","meta":{"_acf_changed":false,"_tribe_events_status":"","_tribe_events_status_reason":"","_tribe_events_is_hybrid":"","_tribe_events_is_virtual":"","_tribe_events_virtual_video_source":"","_tribe_events_virtual_embed_video":"","_tribe_events_virtual_linked_button_text":"","_tribe_events_virtual_linked_button":"","_tribe_events_virtual_show_embed_at":"","_tribe_events_virtual_show_embed_to":[],"_tribe_events_virtual_show_on_event":"","_tribe_events_virtual_show_on_views":"","_tribe_events_virtual_url":"","footnotes":""},"tags":[229,232,347],"tribe_events_cat":[220],"class_list":["post-8505","tribe_events","type-tribe_events","status-publish","has-post-thumbnail","hentry","tag-montagne","tag-par-equipe","tag-trophee-leman-running","tribe_events_cat-trail","cat_trail"],"acf":[],"yoast_head":"<!-- This site is optimized with the Yoast SEO Premium plugin v27.5 (Yoast SEO v27.5) - https:\/\/yoast.com\/product\/yoast-seo-premium-wordpress\/ -->\n<title>La Patrouille de la D\u00f4le 2026 - L\u00e9man Running - Parcours, inscriptions, r\u00e9sultats.<\/title>\n<meta name=\"description\" content=\"Venez vivre la troisi\u00e8me \u00e9dition de la Patrouille de la D\u00f4le\" \/>\n<meta name=\"robots\" content=\"index, follow, max-snippet:-1, max-image-preview:large, max-video-preview:-1\" \/>\n<link rel=\"canonical\" href=\"https:\/\/lemanrunning.com\/en\/course\/patrouille-dole\/\" \/>\n<meta property=\"og:locale\" content=\"en_GB\" \/>\n<meta property=\"og:type\" content=\"article\" \/>\n<meta property=\"og:title\" content=\"La Patrouille de la D\u00f4le 2026 - Parcours, inscriptions, r\u00e9sultats - L\u00e9man Running\" \/>\n<meta property=\"og:description\" content=\"La Patrouille de la D\u00f4le - 2026 : horaires, parcours, d\u00e9nivel\u00e9s \u2013 Consultez notre calendrier complet des courses\" \/>\n<meta property=\"og:url\" content=\"https:\/\/lemanrunning.com\/en\/course\/patrouille-dole\/\" \/>\n<meta property=\"og:site_name\" content=\"L\u00e9man Running\" \/>\n<meta property=\"article:publisher\" content=\"https:\/\/www.facebook.com\/LemanRunning\/\" \/>\n<meta property=\"article:modified_time\" content=\"2026-01-21T10:34:48+00:00\" \/>\n<meta property=\"og:image\" content=\"https:\/\/lemanrunning.com\/wp-content\/uploads\/2024\/06\/patrouille-de-la-dole-calendrier-leman-running-trail-vaud-courir-jura.jpg\" \/>\n\t<meta property=\"og:image:width\" content=\"1600\" \/>\n\t<meta property=\"og:image:height\" content=\"900\" \/>\n\t<meta property=\"og:image:type\" content=\"image\/jpeg\" \/>\n<meta name=\"twitter:card\" content=\"summary_large_image\" \/>\n<meta name=\"twitter:label1\" content=\"Estimated reading time\" \/>\n\t<meta name=\"twitter:data1\" content=\"2 minutes\" \/>\n<script type=\"application\/ld+json\" class=\"yoast-schema-graph\">{\"@context\":\"https:\\\/\\\/schema.org\",\"@graph\":[{\"@type\":\"WebPage\",\"@id\":\"https:\\\/\\\/lemanrunning.com\\\/course\\\/patrouille-dole\\\/\",\"url\":\"https:\\\/\\\/lemanrunning.com\\\/course\\\/patrouille-dole\\\/\",\"name\":\"La Patrouille de la D\u00f4le 2026 - L\u00e9man Running - Parcours, inscriptions, r\u00e9sultats.\",\"isPartOf\":{\"@id\":\"https:\\\/\\\/lemanrunning.com\\\/#website\"},\"primaryImageOfPage\":{\"@id\":\"https:\\\/\\\/lemanrunning.com\\\/course\\\/patrouille-dole\\\/#primaryimage\"},\"image\":{\"@id\":\"https:\\\/\\\/lemanrunning.com\\\/course\\\/patrouille-dole\\\/#primaryimage\"},\"thumbnailUrl\":\"https:\\\/\\\/lemanrunning.com\\\/wp-content\\\/uploads\\\/2024\\\/06\\\/patrouille-de-la-dole-calendrier-leman-running-trail-vaud-courir-jura.jpg\",\"datePublished\":\"2024-06-10T16:16:37+00:00\",\"dateModified\":\"2026-01-21T10:34:48+00:00\",\"description\":\"Venez vivre la troisi\u00e8me \u00e9dition de la Patrouille de la D\u00f4le\",\"breadcrumb\":{\"@id\":\"https:\\\/\\\/lemanrunning.com\\\/course\\\/patrouille-dole\\\/#breadcrumb\"},\"inLanguage\":\"en-GB\",\"potentialAction\":[{\"@type\":\"ReadAction\",\"target\":[\"https:\\\/\\\/lemanrunning.com\\\/course\\\/patrouille-dole\\\/\"]}]},{\"@type\":\"ImageObject\",\"inLanguage\":\"en-GB\",\"@id\":\"https:\\\/\\\/lemanrunning.com\\\/course\\\/patrouille-dole\\\/#primaryimage\",\"url\":\"https:\\\/\\\/lemanrunning.com\\\/wp-content\\\/uploads\\\/2024\\\/06\\\/patrouille-de-la-dole-calendrier-leman-running-trail-vaud-courir-jura.jpg\",\"contentUrl\":\"https:\\\/\\\/lemanrunning.com\\\/wp-content\\\/uploads\\\/2024\\\/06\\\/patrouille-de-la-dole-calendrier-leman-running-trail-vaud-courir-jura.jpg\",\"width\":1600,\"height\":900},{\"@type\":\"BreadcrumbList\",\"@id\":\"https:\\\/\\\/lemanrunning.com\\\/course\\\/patrouille-dole\\\/#breadcrumb\",\"itemListElement\":[{\"@type\":\"ListItem\",\"position\":1,\"name\":\"Accueil\",\"item\":\"https:\\\/\\\/lemanrunning.com\\\/\"},{\"@type\":\"ListItem\",\"position\":2,\"name\":\"\u00c9v\u00e8nements\",\"item\":\"https:\\\/\\\/lemanrunning.com\\\/calendrier\\\/\"},{\"@type\":\"ListItem\",\"position\":3,\"name\":\"La Patrouille de la D\u00f4le\"}]},{\"@type\":\"WebSite\",\"@id\":\"https:\\\/\\\/lemanrunning.com\\\/#website\",\"url\":\"https:\\\/\\\/lemanrunning.com\\\/\",\"name\":\"L\u00e9man Running - Calendrier des courses, annuaire de coachs et th\u00e9rapeutes, sorties et entrainements en groupe.\",\"description\":\"L&#039;esprit du L\u00e9man, la passion du running.\",\"publisher\":{\"@id\":\"https:\\\/\\\/lemanrunning.com\\\/#organization\"},\"potentialAction\":[{\"@type\":\"SearchAction\",\"target\":{\"@type\":\"EntryPoint\",\"urlTemplate\":\"https:\\\/\\\/lemanrunning.com\\\/?s={search_term_string}\"},\"query-input\":{\"@type\":\"PropertyValueSpecification\",\"valueRequired\":true,\"valueName\":\"search_term_string\"}}],\"inLanguage\":\"en-GB\"},{\"@type\":\"Organization\",\"@id\":\"https:\\\/\\\/lemanrunning.com\\\/#organization\",\"name\":\"L\u00e9man Running\",\"url\":\"https:\\\/\\\/lemanrunning.com\\\/\",\"logo\":{\"@type\":\"ImageObject\",\"inLanguage\":\"en-GB\",\"@id\":\"https:\\\/\\\/lemanrunning.com\\\/#\\\/schema\\\/logo\\\/image\\\/\",\"url\":\"https:\\\/\\\/lemanrunning.com\\\/wp-content\\\/uploads\\\/2024\\\/06\\\/new-logo-leman-running.png\",\"contentUrl\":\"https:\\\/\\\/lemanrunning.com\\\/wp-content\\\/uploads\\\/2024\\\/06\\\/new-logo-leman-running.png\",\"width\":350,\"height\":100,\"caption\":\"L\u00e9man Running\"},\"image\":{\"@id\":\"https:\\\/\\\/lemanrunning.com\\\/#\\\/schema\\\/logo\\\/image\\\/\"},\"sameAs\":[\"https:\\\/\\\/www.facebook.com\\\/LemanRunning\\\/\",\"https:\\\/\\\/www.instagram.com\\\/leman_running\\\/\",\"https:\\\/\\\/www.linkedin.com\\\/company\\\/lman-running\\\/\",\"https:\\\/\\\/www.youtube.com\\\/channel\\\/UCy8GQKd8l8LZwU75KXDP-4g?view_as=subscriber\",\"https:\\\/\\\/www.strava.com\\\/clubs\\\/538259?oq=l\"]}]}<\/script>\n<!-- \/ Yoast SEO Premium plugin. -->","yoast_head_json":{"title":"La Patrouille de la D\u00f4le 2026 - L\u00e9man Running - Parcours, inscriptions, r\u00e9sultats.","description":"Venez vivre la troisi\u00e8me \u00e9dition de la Patrouille de la D\u00f4le","robots":{"index":"index","follow":"follow","max-snippet":"max-snippet:-1","max-image-preview":"max-image-preview:large","max-video-preview":"max-video-preview:-1"},"canonical":"https:\/\/lemanrunning.com\/en\/course\/patrouille-dole\/","og_locale":"en_GB","og_type":"article","og_title":"La Patrouille de la D\u00f4le 2026 - Parcours, inscriptions, r\u00e9sultats - L\u00e9man Running","og_description":"La Patrouille de la D\u00f4le - 2026 : horaires, parcours, d\u00e9nivel\u00e9s \u2013 Consultez notre calendrier complet des courses","og_url":"https:\/\/lemanrunning.com\/en\/course\/patrouille-dole\/","og_site_name":"L\u00e9man Running","article_publisher":"https:\/\/www.facebook.com\/LemanRunning\/","article_modified_time":"2026-01-21T10:34:48+00:00","og_image":[{"width":1600,"height":900,"url":"https:\/\/lemanrunning.com\/wp-content\/uploads\/2024\/06\/patrouille-de-la-dole-calendrier-leman-running-trail-vaud-courir-jura.jpg","type":"image\/jpeg"}],"twitter_card":"summary_large_image","twitter_misc":{"Estimated reading time":"2 minutes"},"schema":{"@context":"https:\/\/schema.org","@graph":[{"@type":"WebPage","@id":"https:\/\/lemanrunning.com\/course\/patrouille-dole\/","url":"https:\/\/lemanrunning.com\/course\/patrouille-dole\/","name":"La Patrouille de la D\u00f4le 2026 - L\u00e9man Running - Parcours, inscriptions, r\u00e9sultats.","isPartOf":{"@id":"https:\/\/lemanrunning.com\/#website"},"primaryImageOfPage":{"@id":"https:\/\/lemanrunning.com\/course\/patrouille-dole\/#primaryimage"},"image":{"@id":"https:\/\/lemanrunning.com\/course\/patrouille-dole\/#primaryimage"},"thumbnailUrl":"https:\/\/lemanrunning.com\/wp-content\/uploads\/2024\/06\/patrouille-de-la-dole-calendrier-leman-running-trail-vaud-courir-jura.jpg","datePublished":"2024-06-10T16:16:37+00:00","dateModified":"2026-01-21T10:34:48+00:00","description":"Venez vivre la troisi\u00e8me \u00e9dition de la Patrouille de la D\u00f4le","breadcrumb":{"@id":"https:\/\/lemanrunning.com\/course\/patrouille-dole\/#breadcrumb"},"inLanguage":"en-GB","potentialAction":[{"@type":"ReadAction","target":["https:\/\/lemanrunning.com\/course\/patrouille-dole\/"]}]},{"@type":"ImageObject","inLanguage":"en-GB","@id":"https:\/\/lemanrunning.com\/course\/patrouille-dole\/#primaryimage","url":"https:\/\/lemanrunning.com\/wp-content\/uploads\/2024\/06\/patrouille-de-la-dole-calendrier-leman-running-trail-vaud-courir-jura.jpg","contentUrl":"https:\/\/lemanrunning.com\/wp-content\/uploads\/2024\/06\/patrouille-de-la-dole-calendrier-leman-running-trail-vaud-courir-jura.jpg","width":1600,"height":900},{"@type":"BreadcrumbList","@id":"https:\/\/lemanrunning.com\/course\/patrouille-dole\/#breadcrumb","itemListElement":[{"@type":"ListItem","position":1,"name":"Accueil","item":"https:\/\/lemanrunning.com\/"},{"@type":"ListItem","position":2,"name":"\u00c9v\u00e8nements","item":"https:\/\/lemanrunning.com\/calendrier\/"},{"@type":"ListItem","position":3,"name":"La Patrouille de la D\u00f4le"}]},{"@type":"WebSite","@id":"https:\/\/lemanrunning.com\/#website","url":"https:\/\/lemanrunning.com\/","name":"L\u00e9man Running - Race calendar, directory of coaches and therapists, group outings and training.","description":"The spirit of Lake Geneva, a passion for running.","publisher":{"@id":"https:\/\/lemanrunning.com\/#organization"},"potentialAction":[{"@type":"SearchAction","target":{"@type":"EntryPoint","urlTemplate":"https:\/\/lemanrunning.com\/?s={search_term_string}"},"query-input":{"@type":"PropertyValueSpecification","valueRequired":true,"valueName":"search_term_string"}}],"inLanguage":"en-GB"},{"@type":"Organization","@id":"https:\/\/lemanrunning.com\/#organization","name":"L\u00e9man Running","url":"https:\/\/lemanrunning.com\/","logo":{"@type":"ImageObject","inLanguage":"en-GB","@id":"https:\/\/lemanrunning.com\/#\/schema\/logo\/image\/","url":"https:\/\/lemanrunning.com\/wp-content\/uploads\/2024\/06\/new-logo-leman-running.png","contentUrl":"https:\/\/lemanrunning.com\/wp-content\/uploads\/2024\/06\/new-logo-leman-running.png","width":350,"height":100,"caption":"L\u00e9man Running"},"image":{"@id":"https:\/\/lemanrunning.com\/#\/schema\/logo\/image\/"},"sameAs":["https:\/\/www.facebook.com\/LemanRunning\/","https:\/\/www.instagram.com\/leman_running\/","https:\/\/www.linkedin.com\/company\/lman-running\/","https:\/\/www.youtube.com\/channel\/UCy8GQKd8l8LZwU75KXDP-4g?view_as=subscriber","https:\/\/www.strava.com\/clubs\/538259?oq=l"]}]}},"_links":{"self":[{"href":"https:\/\/lemanrunning.com\/en\/wp-json\/wp\/v2\/tribe_events\/8505","targetHints":{"allow":["GET"]}}],"collection":[{"href":"https:\/\/lemanrunning.com\/en\/wp-json\/wp\/v2\/tribe_events"}],"about":[{"href":"https:\/\/lemanrunning.com\/en\/wp-json\/wp\/v2\/types\/tribe_events"}],"author":[{"embeddable":true,"href":"https:\/\/lemanrunning.com\/en\/wp-json\/wp\/v2\/users\/2"}],"replies":[{"embeddable":true,"href":"https:\/\/lemanrunning.com\/en\/wp-json\/wp\/v2\/comments?post=8505"}],"version-history":[{"count":5,"href":"https:\/\/lemanrunning.com\/en\/wp-json\/wp\/v2\/tribe_events\/8505\/revisions"}],"predecessor-version":[{"id":24213,"href":"https:\/\/lemanrunning.com\/en\/wp-json\/wp\/v2\/tribe_events\/8505\/revisions\/24213"}],"wp:featuredmedia":[{"embeddable":true,"href":"https:\/\/lemanrunning.com\/en\/wp-json\/wp\/v2\/media\/8506"}],"wp:attachment":[{"href":"https:\/\/lemanrunning.com\/en\/wp-json\/wp\/v2\/media?parent=8505"}],"wp:term":[{"taxonomy":"post_tag","embeddable":true,"href":"https:\/\/lemanrunning.com\/en\/wp-json\/wp\/v2\/tags?post=8505"},{"taxonomy":"tribe_events_cat","embeddable":true,"href":"https:\/\/lemanrunning.com\/en\/wp-json\/wp\/v2\/tribe_events_cat?post=8505"}],"curies":[{"name":"wp","href":"https:\/\/api.w.org\/{rel}","templated":true}]}}